{"version":"1.0","provider_name":"Gegenstrom","provider_url":"https:\/\/gegenstrom.org\/en","author_name":"Moritz Meerheym","author_url":"https:\/\/gegenstrom.org\/en\/author\/moritz-meerheym\/","title":"Perspektiven einer ganzheitlichen Agrarwende - Gegenstrom","type":"rich","width":600,"height":338,"html":"<blockquote class=\"wp-embedded-content\" data-secret=\"G4riArVpfb\"><a href=\"https:\/\/gegenstrom.org\/en\/perspektiven-einer-ganzheitlichen-agrarwende\/\">Perspektiven einer ganzheitlichen Agrarwende<\/a><\/blockquote><iframe sandbox=\"allow-scripts\" security=\"restricted\" src=\"https:\/\/gegenstrom.org\/en\/perspektiven-einer-ganzheitlichen-agrarwende\/embed\/#?secret=G4riArVpfb\" width=\"600\" height=\"338\" title=\"&#8220;Perspektiven einer ganzheitlichen Agrarwende&#8221; &#8212; Gegenstrom\" data-secret=\"G4riArVpfb\" frameborder=\"0\" marginwidth=\"0\" marginheight=\"0\" scrolling=\"no\" class=\"wp-embedded-content\"><\/iframe><script type=\"text\/javascript\">\n\/* <![CDATA[ *\/\n\/*! This file is auto-generated *\/\n!function(d,l){\"use strict\";l.querySelector&&d.addEventListener&&\"undefined\"!=typeof URL&&(d.wp=d.wp||{},d.wp.receiveEmbedMessage||(d.wp.receiveEmbedMessage=function(e){var t=e.data;if((t||t.secret||t.message||t.value)&&!\/[^a-zA-Z0-9]\/.test(t.secret)){for(var s,r,n,a=l.querySelectorAll('iframe[data-secret=\"'+t.secret+'\"]'),o=l.querySelectorAll('blockquote[data-secret=\"'+t.secret+'\"]'),c=new RegExp(\"^https?:$\",\"i\"),i=0;i<o.length;i++)o[i].style.display=\"none\";for(i=0;i<a.length;i++)s=a[i],e.source===s.contentWindow&&(s.removeAttribute(\"style\"),\"height\"===t.message?(1e3<(r=parseInt(t.value,10))?r=1e3:~~r<200&&(r=200),s.height=r):\"link\"===t.message&&(r=new URL(s.getAttribute(\"src\")),n=new URL(t.value),c.test(n.protocol))&&n.host===r.host&&l.activeElement===s&&(d.top.location.href=t.value))}},d.addEventListener(\"message\",d.wp.receiveEmbedMessage,!1),l.addEventListener(\"DOMContentLoaded\",function(){for(var e,t,s=l.querySelectorAll(\"iframe.wp-embedded-content\"),r=0;r<s.length;r++)(t=(e=s[r]).getAttribute(\"data-secret\"))||(t=Math.random().toString(36).substring(2,12),e.src+=\"#?secret=\"+t,e.setAttribute(\"data-secret\",t)),e.contentWindow.postMessage({message:\"ready\",secret:t},\"*\")},!1)))}(window,document);\n\/* ]]> *\/\n<\/script>","thumbnail_url":"https:\/\/gegenstrom.org\/wp-content\/uploads\/2018\/03\/\u00f6kologisches-bewusstsein2.jpg","thumbnail_width":715,"thumbnail_height":300,"description":"Anl\u00e4sslich der \u201eGr\u00fcnen Woche\u201c findet in Berlin seit einigen Jahren die Gro\u00dfdemonstration \u201eWir haben es satt\u201c f\u00fcr eine \u201ezukunftsf\u00e4hige Agrar- und Ern\u00e4hrungspolitik\u201c statt. Dieses Engagement f\u00fcr eine \u00f6kologisch ausgerichtete Agrarwende ist angesichts der Problematik von zunehmend ausger\u00e4umten Landschaften, Artensterben, Massentierhaltung sowie angesichts des Ausverkaufs des Bodens an ortsfremde Investoren (\u201eLandgrabbing\u201c) nur zu begr\u00fc\u00dfen. Wie sehr [&hellip;]"}